{"id":4081,"date":"2018-07-18T10:44:03","date_gmt":"2018-07-18T08:44:03","guid":{"rendered":"http:\/\/2019.czeducon.cz\/?page_id=4081"},"modified":"2018-10-10T16:33:13","modified_gmt":"2018-10-10T14:33:13","slug":"program2","status":"publish","type":"page","link":"https:\/\/2019.czeducon.cz\/en\/program2\/","title":{"rendered":"Program2"},"content":{"rendered":"<p>[et_pb_section fb_built=&#8221;1&#8243; _builder_version=&#8221;3.10.1&#8243; background_color=&#8221;#ee8851&#8243; custom_padding=&#8221;0|0px|0|0|false|false&#8221;][et_pb_row _builder_version=&#8221;3.0.48&#8243; background_size=&#8221;initial&#8221; background_position=&#8221;top_left&#8221; background_repeat=&#8221;repeat&#8221;][et_pb_column type=&#8221;4_4&#8243; _builder_version=&#8221;3.0.47&#8243; parallax=&#8221;off&#8221; parallax_method=&#8221;on&#8221;][et_pb_image src=&#8221;http:\/\/2019.czeducon.cz\/wp-content\/uploads\/2018\/10\/czeducon_program_1009.jpg&#8221; _builder_version=&#8221;3.15&#8243; border_width_all=&#8221;4px&#8221; border_color_all=&#8221;#2c3e56&#8243; box_shadow_style=&#8221;preset1&#8243;][\/et_pb_image][\/et_pb_column][\/et_pb_row][et_pb_row custom_padding=&#8221;0|0px|0|0px|false|false&#8221; _builder_version=&#8221;3.15&#8243;][et_pb_column type=&#8221;4_4&#8243; _builder_version=&#8221;3.15&#8243; parallax=&#8221;off&#8221; parallax_method=&#8221;on&#8221;][et_pb_text _builder_version=&#8221;3.15&#8243;]<\/p>\n<h2>P\u0159edstavujeme <g class=\"gr_ gr_11 gr-alert gr_spell gr_inline_cards gr_run_anim ContextualSpelling ins-del multiReplace\" id=\"11\" data-gr-id=\"11\">hosty<\/g>:\u00a0<\/h2>\n<p>[\/et_pb_text][\/et_pb_column][\/et_pb_row][et_pb_row custom_padding=&#8221;29px|0px|37px|0px|false|false&#8221; _builder_version=&#8221;3.12.2&#8243;][et_pb_column type=&#8221;1_2&#8243; _builder_version=&#8221;3.0.47&#8243; parallax=&#8221;off&#8221; parallax_method=&#8221;on&#8221;][et_pb_text _builder_version=&#8221;3.15&#8243; text_font=&#8221;||||||||&#8221; header_font=&#8221;||||||||&#8221; border_width_all=&#8221;5px&#8221; border_color_all=&#8221;#2c3e56&#8243; custom_margin=&#8221;1px|||&#8221; custom_padding=&#8221;10px|10px|10px|10px&#8221;]<\/p>\n<p><img loading=\"lazy\" decoding=\"async\" src=\"http:\/\/2019.czeducon.cz\/wp-content\/uploads\/2018\/10\/czeduconlide.png\" width=\"300\" height=\"300\" alt=\"\" class=\"wp-image-4275 alignnone size-full\" style=\"display: block; margin-left: auto; margin-right: auto;\" srcset=\"https:\/\/2019.czeducon.cz\/wp-content\/uploads\/2018\/10\/czeduconlide.png 1080w, https:\/\/2019.czeducon.cz\/wp-content\/uploads\/2018\/10\/czeduconlide-150x150.png 150w, https:\/\/2019.czeducon.cz\/wp-content\/uploads\/2018\/10\/czeduconlide-300x300.png 300w, https:\/\/2019.czeducon.cz\/wp-content\/uploads\/2018\/10\/czeduconlide-768x768.png 768w, https:\/\/2019.czeducon.cz\/wp-content\/uploads\/2018\/10\/czeduconlide-1024x1024.png 1024w\" sizes=\"(max-width: 300px) 100vw, 300px\" \/><\/p>\n<p>&nbsp;<\/p>\n<h3 style=\"text-align: center;\"><strong>Markus Laitinen<\/strong><\/h3>\n<p style=\"text-align: center;\"><em>University of Helsinki<\/em><\/p>\n<p style=\"text-align: center;\">Markus m\u00e1 v\u00edce ne\u017e 20 let zku\u0161enost\u00ed s mezin\u00e1rodn\u00edm vysoko\u0161kolsk\u00fdm vzd\u011bl\u00e1v\u00e1n\u00edm v r\u016fzn\u00fdch rol\u00edch na univerzit\u011b v Helsink\u00e1ch. V\u00edce ne\u017e dek\u00e1du byl institucion\u00e1ln\u00edm koordin\u00e1torem univerzity v Erasmus+ a v sou\u010dasn\u00e9 dob\u011b p\u016fsob\u00ed jako vedouc\u00ed odd\u011blen\u00ed mezin\u00e1rodn\u00edch z\u00e1le\u017eitost\u00ed univerzity. S EAIE spolupracuje ji\u017e od roku 1994, v roce 2013 koordinoval \u00fasp\u011b\u0161nou \u017e\u00e1dost univerzity o z\u00edsk\u00e1n\u00ed institucion\u00e1ln\u00ed ceny EAIE pro internacionalizaci. Je tak\u00e9 b\u00fdval\u00fdm prezidentem EAIE. B\u011bhem sv\u00e9 kari\u00e9ry byl nad\u0161en\u00fdm zast\u00e1ncem integrovan\u00e9 internacionalizace, na toto t\u00e9ma vydal i n\u011bkolik \u010dl\u00e1nk\u016f.\u00a0<\/p>\n<p>[\/et_pb_text][et_pb_text _builder_version=&#8221;3.15&#8243; text_font=&#8221;||||||||&#8221; header_font=&#8221;||||||||&#8221; border_width_all=&#8221;5px&#8221; border_color_all=&#8221;#2c3e56&#8243; custom_margin=&#8221;1px|||&#8221; custom_padding=&#8221;10px|10px|10px|10px&#8221;]<\/p>\n<p><img loading=\"lazy\" decoding=\"async\" src=\"http:\/\/2019.czeducon.cz\/wp-content\/uploads\/2018\/10\/czeduconlide-2-300x300.png\" width=\"300\" height=\"300\" alt=\"\" class=\"wp-image-4292 aligncenter size-medium\" srcset=\"https:\/\/2019.czeducon.cz\/wp-content\/uploads\/2018\/10\/czeduconlide-2-300x300.png 300w, https:\/\/2019.czeducon.cz\/wp-content\/uploads\/2018\/10\/czeduconlide-2-150x150.png 150w, https:\/\/2019.czeducon.cz\/wp-content\/uploads\/2018\/10\/czeduconlide-2-768x768.png 768w, https:\/\/2019.czeducon.cz\/wp-content\/uploads\/2018\/10\/czeduconlide-2-1024x1024.png 1024w, https:\/\/2019.czeducon.cz\/wp-content\/uploads\/2018\/10\/czeduconlide-2.png 1080w\" sizes=\"(max-width: 300px) 100vw, 300px\" \/><\/p>\n<p>&nbsp;<\/p>\n<h3 style=\"text-align: center;\"><strong>Don Sparling<\/strong><\/h3>\n<p style=\"text-align: center;\"><em>Masarykova univerzita<\/em><\/p>\n<p style=\"text-align: center;\">Na Torontsk\u00e9 a Oxfordsk\u00e9 univerzit\u011b vystudoval anglick\u00fd jazyk a literaturu. Od roku 1969 vyu\u010doval v \u010cesk\u00e9 republice angli\u010dtinu a v\u00edce ne\u017e t\u0159icet let p\u016fsobil jako pedagog na kated\u0159e anglistiky Masarykovy univerzity. Odtud p\u0159e\u0161el jako zakladatel a \u0159editel do Centra zahrani\u010dn\u00edch studi\u00ed, kter\u00e9 vedl t\u00e9m\u011b\u0159 10 let a kter\u00e9 se stalo kl\u00ed\u010dov\u00fdm pracovi\u0161t\u011bm univerzity na podporu a rozvoj mezin\u00e1rodn\u00edho vzd\u011bl\u00e1v\u00e1n\u00ed. Zaslou\u017eil se tak\u00e9 o vybudov\u00e1n\u00ed St\u0159edoevropsk\u00e9 asociace kanadsk\u00fdch studi\u00ed a jako mana\u017eer vedl n\u011bkolik let Brno Expat Centre.\u00a0<\/p>\n<p>[\/et_pb_text][\/et_pb_column][et_pb_column type=&#8221;1_2&#8243; _builder_version=&#8221;3.0.47&#8243; parallax=&#8221;off&#8221; parallax_method=&#8221;on&#8221;][et_pb_text _builder_version=&#8221;3.15&#8243; header_font=&#8221;||||||||&#8221; border_width_all=&#8221;5px&#8221; border_color_all=&#8221;#2c3e56&#8243; custom_padding=&#8221;10px|10px|10px|10px&#8221;]<img loading=\"lazy\" decoding=\"async\" src=\"http:\/\/2019.czeducon.cz\/wp-content\/uploads\/2018\/10\/czeduconlide-7.png\" width=\"300\" height=\"300\" alt=\"\" class=\"wp-image-4264 alignnone size-full\" style=\"display: block; margin-left: auto; margin-right: auto;\" srcset=\"https:\/\/2019.czeducon.cz\/wp-content\/uploads\/2018\/10\/czeduconlide-7.png 1080w, https:\/\/2019.czeducon.cz\/wp-content\/uploads\/2018\/10\/czeduconlide-7-150x150.png 150w, https:\/\/2019.czeducon.cz\/wp-content\/uploads\/2018\/10\/czeduconlide-7-300x300.png 300w, https:\/\/2019.czeducon.cz\/wp-content\/uploads\/2018\/10\/czeduconlide-7-768x768.png 768w, https:\/\/2019.czeducon.cz\/wp-content\/uploads\/2018\/10\/czeduconlide-7-1024x1024.png 1024w\" sizes=\"(max-width: 300px) 100vw, 300px\" \/><\/p>\n<p>&nbsp;<\/p>\n<h3 style=\"text-align: center;\"><strong>Lenka Rovn\u00e1<\/strong><\/h3>\n<p style=\"text-align: center;\"><em>Prorektorka pro evropskou problematiku, Univerzita Karlova<\/em><\/p>\n<p style=\"text-align: center;\">Zalo\u017eila a vedla katedru z\u00e1padoevropsk\u00fdch studi\u00ed na FSV UK. V letech 1999 &#8211; 2016 byla garantkou Centra excelence programu Jean Monnet v\u00a0oboru Evropsk\u00e1 studia (prvn\u00ed sv\u00e9ho druhu ve St\u0159edn\u00ed a v\u00fdchodn\u00ed Evrop\u011b). V\u011bnuje se aktu\u00e1ln\u00edm ot\u00e1zk\u00e1ch Evropsk\u00e9 unie a re\u00e1li\u00edm Spojen\u00e9ho kr\u00e1lovstv\u00ed. V roce 2004 byla jmenov\u00e1na francouzsk\u00fdm prezidentem ryt\u00ed\u0159kou N\u00e1rodn\u00edho \u0159\u00e1du za z\u00e1sluhy ve prosp\u011bch evropsk\u00e9 v\u011bci, v roce 2017 byla jmenov\u00e1na jej\u00edm d\u016fstojn\u00edkem.\u00a0Je \u010dlenkou n\u011bkolika v\u011bdeck\u00fdch rad, evalu\u00e1torkou program\u016f Jean Monnet a Horizon 2020 a \u010dlenkou \u010cesk\u00e9 komise UNESCO.<\/p>\n<p>[\/et_pb_text][et_pb_text _builder_version=&#8221;3.15&#8243; header_font=&#8221;||||||||&#8221; border_width_all=&#8221;5px&#8221; border_color_all=&#8221;#2c3e56&#8243; custom_padding=&#8221;10px|10px|10px|10px&#8221;]<\/p>\n<p><img loading=\"lazy\" decoding=\"async\" src=\"http:\/\/2019.czeducon.cz\/wp-content\/uploads\/2018\/10\/czeduconlide-1-300x300.png\" width=\"300\" height=\"300\" alt=\"\" class=\"wp-image-4276 aligncenter size-medium\" srcset=\"https:\/\/2019.czeducon.cz\/wp-content\/uploads\/2018\/10\/czeduconlide-1-300x300.png 300w, https:\/\/2019.czeducon.cz\/wp-content\/uploads\/2018\/10\/czeduconlide-1-150x150.png 150w, https:\/\/2019.czeducon.cz\/wp-content\/uploads\/2018\/10\/czeduconlide-1-768x768.png 768w, https:\/\/2019.czeducon.cz\/wp-content\/uploads\/2018\/10\/czeduconlide-1-1024x1024.png 1024w, https:\/\/2019.czeducon.cz\/wp-content\/uploads\/2018\/10\/czeduconlide-1.png 1080w\" sizes=\"(max-width: 300px) 100vw, 300px\" \/><\/p>\n<p>&nbsp;<\/p>\n<h3 style=\"text-align: center;\"><strong>Christopher Medalis<\/strong><\/h3>\n<p style=\"text-align: center;\"><em>International Education Expert, Univerzita Palack\u00e9ho<\/em><\/p>\n<p style=\"text-align: center;\">Je expertem na mezin\u00e1rodn\u00ed vzd\u011bl\u00e1v\u00e1n\u00ed v glob\u00e1ln\u00edch programech a strategi\u00edch se s\u00eddlem v New Yorku. M\u00e1 v\u00edce ne\u017e 25 let zku\u0161enost\u00ed s veden\u00edm strategick\u00fdch mezin\u00e1rodn\u00edch vzd\u011bl\u00e1vac\u00edch iniciativ, navrhov\u00e1n\u00edm propaga\u010dn\u00edch kampan\u00ed a \u0159\u00edzen\u00edm mezin\u00e1rodn\u00edch stipendijn\u00edch program\u016f a akademick\u00fdch v\u00fdm\u011bn, kde zastupuje vl\u00e1dy, nadace, univerzity a korporace. V sou\u010dasn\u00e9 dob\u011b p\u016fsob\u00ed jako mezin\u00e1rodn\u00ed poradce v mezin\u00e1rodn\u00ed kancel\u00e1\u0159i Univerzity Palack\u00e9ho v Olomouci v \u010cesk\u00e9 republice.\u00a0<\/p>\n<p>[\/et_pb_text][\/et_pb_column][\/et_pb_row][\/et_pb_section][et_pb_section fb_built=&#8221;1&#8243; _builder_version=&#8221;3.9&#8243; background_color=&#8221;#2c3e56&#8243; custom_padding=&#8221;0px|0|0|0|false|false&#8221; top_divider_style=&#8221;clouds2&#8243; top_divider_color=&#8221;#ee8851&#8243; top_divider_flip=&#8221;vertical&#8221; bottom_divider_style=&#8221;clouds&#8221; bottom_divider_color=&#8221;#171717&#8243; transparent_background=&#8221;off&#8221; global_module=&#8221;3917&#8243;][et_pb_row use_custom_gutter=&#8221;on&#8221; gutter_width=&#8221;2&#8243; custom_padding=&#8221;0||0|0|true|false&#8221; column_padding_mobile=&#8221;on&#8221; parallax_method_1=&#8221;off&#8221; parallax_method_2=&#8221;off&#8221; parallax_method_3=&#8221;off&#8221; _builder_version=&#8221;3.0.47&#8243; background_size=&#8221;initial&#8221; background_position=&#8221;top_left&#8221; background_repeat=&#8221;repeat&#8221;][et_pb_column type=&#8221;1_4&#8243; _builder_version=&#8221;3.0.47&#8243; column_padding_mobile=&#8221;on&#8221; parallax=&#8221;off&#8221; parallax_method=&#8221;off&#8221;][et_pb_text _builder_version=&#8221;3.9&#8243; text_font=&#8221;Raleway|on|||&#8221; text_text_color=&#8221;#ffffff&#8221; text_font_size=&#8221;28&#8243; text_line_height=&#8221;1.4em&#8221; background_size=&#8221;initial&#8221; background_position=&#8221;top_left&#8221; background_repeat=&#8221;repeat&#8221; custom_margin=&#8221;||8px|&#8221; custom_css_main_element=&#8221;font-weight: 900;&#8221; use_border_color=&#8221;off&#8221; inline_fonts=&#8221;Open Sans&#8221;]<\/p>\n<h1><span style=\"color: #ffffff; font-family: 'Open Sans'; font-weight: normal;\"><strong>#Czeducon2018<\/strong><\/span><\/h1>\n<p>[\/et_pb_text][et_pb_code _builder_version=&#8221;3.12.1&#8243;]&lt;br&gt;[\/et_pb_code][et_pb_button button_url=&#8221;http:\/\/2019.czeducon.cz\/registrace\/&#8221; button_text=&#8221;Registrace zde&#8221; _builder_version=&#8221;3.12.1&#8243;][\/et_pb_button][\/et_pb_column][et_pb_column type=&#8221;1_4&#8243; _builder_version=&#8221;3.0.47&#8243; column_padding_mobile=&#8221;on&#8221; parallax=&#8221;off&#8221; parallax_method=&#8221;off&#8221;][et_pb_contact_form captcha=&#8221;off&#8221; module_id=&#8221;et_pb_contact_form_0&#8243; _builder_version=&#8221;3.12.2&#8243; custom_button=&#8221;on&#8221; button_text_color=&#8221;#ee8851&#8243; button_bg_color=&#8221;#ffffff&#8221; button_font=&#8221;||||||||&#8221;][et_pb_contact_field field_id=&#8221;Email&#8221; field_title=&#8221;E-mailov\u00e1 adresa&#8221; field_type=&#8221;email&#8221; fullwidth_field=&#8221;on&#8221; _builder_version=&#8221;3.12.2&#8243; border_radii=&#8221;on||||&#8221;][\/et_pb_contact_field][et_pb_contact_field field_id=&#8221;Message&#8221; field_title=&#8221;Zpr\u00e1va&#8221; field_type=&#8221;text&#8221; fullwidth_field=&#8221;on&#8221; _builder_version=&#8221;3.0.87&#8243; border_radii=&#8221;on||||&#8221;][\/et_pb_contact_field][\/et_pb_contact_form][\/et_pb_column][et_pb_column type=&#8221;1_4&#8243; _builder_version=&#8221;3.0.47&#8243; column_padding_mobile=&#8221;on&#8221; parallax=&#8221;off&#8221; parallax_method=&#8221;off&#8221;][et_pb_text _builder_version=&#8221;3.0.87&#8243; text_font=&#8221;Source Sans Pro|on|||&#8221; text_text_color=&#8221;#666666&#8243; text_font_size=&#8221;18&#8243; text_line_height=&#8221;1.4em&#8221; background_size=&#8221;initial&#8221; background_position=&#8221;top_left&#8221; background_repeat=&#8221;repeat&#8221; custom_margin=&#8221;||8px|&#8221; use_border_color=&#8221;off&#8221; border_color=&#8221;#ffffff&#8221; border_style=&#8221;solid&#8221;]<\/p>\n<p><span style=\"color: #ffffff;\">D\u016fm zahrani\u010dn\u00ed spolupr\u00e1ce<\/span><\/p>\n<p>[\/et_pb_text][et_pb_social_media_follow _builder_version=&#8221;3.9&#8243;][et_pb_social_media_follow_network social_network=&#8221;facebook&#8221; url=&#8221;https:\/\/www.facebook.com\/dumzahranicnispoluprace\/&#8221; _builder_version=&#8221;3.9&#8243; background_color=&#8221;#3b5998&#8243; follow_button=&#8221;off&#8221; url_new_window=&#8221;on&#8221;]facebook[\/et_pb_social_media_follow_network][et_pb_social_media_follow_network social_network=&#8221;twitter&#8221; url=&#8221;https:\/\/twitter.com\/dzs_cz&#8221; _builder_version=&#8221;3.9&#8243; background_color=&#8221;#00aced&#8221; follow_button=&#8221;off&#8221; url_new_window=&#8221;on&#8221;]twitter[\/et_pb_social_media_follow_network][et_pb_social_media_follow_network social_network=&#8221;linkedin&#8221; url=&#8221;https:\/\/linkedin.com\/company\/dzs_cz\/&#8221; _builder_version=&#8221;3.9&#8243; background_color=&#8221;#007bb6&#8243; follow_button=&#8221;off&#8221; url_new_window=&#8221;on&#8221;]linkedin[\/et_pb_social_media_follow_network][et_pb_social_media_follow_network social_network=&#8221;instagram&#8221; url=&#8221;https:\/\/www.instagram.com\/dzs_cz\/&#8221; _builder_version=&#8221;3.9&#8243; background_color=&#8221;#ea2c59&#8243; follow_button=&#8221;off&#8221; url_new_window=&#8221;on&#8221;]instagram[\/et_pb_social_media_follow_network][et_pb_social_media_follow_network social_network=&#8221;youtube&#8221; url=&#8221;https:\/\/www.youtube.com\/channel\/UCG0LN9Gh9Hjc2803QuuPoOw&#8221; _builder_version=&#8221;3.9&#8243; background_color=&#8221;#a82400&#8243; follow_button=&#8221;off&#8221; url_new_window=&#8221;on&#8221;]youtube[\/et_pb_social_media_follow_network][\/et_pb_social_media_follow][et_pb_button button_url=&#8221;http:\/\/www.dzs.cz&#8221; url_new_window=&#8221;on&#8221; button_text=&#8221;Web DZS&#8221; button_alignment=&#8221;left&#8221; _builder_version=&#8221;3.9&#8243;]<\/p>\n<p>\u00a0<\/p>\n<p>[\/et_pb_button][\/et_pb_column][et_pb_column type=&#8221;1_4&#8243; _builder_version=&#8221;3.0.47&#8243; column_padding_mobile=&#8221;on&#8221; parallax=&#8221;off&#8221; parallax_method=&#8221;on&#8221;][et_pb_countdown_timer title=&#8221;Do za\u010d\u00e1tku zb\u00fdv\u00e1&#8221; date_time=&#8221;2018-11-07 10:00&#8243; _builder_version=&#8221;3.9&#8243; header_font=&#8221;||||||||&#8221; numbers_font=&#8221;||||||||&#8221; label_font=&#8221;||||||||&#8221; label_text_color=&#8221;#ffffff&#8221; background_color=&#8221;#eb5f3b&#8221; text_shadow_style=&#8221;preset4&#8243;]<\/p>\n<p>\u00a0<\/p>\n<p>[\/et_pb_countdown_timer][\/et_pb_column][\/et_pb_row][\/et_pb_section]<\/p>\n","protected":false},"excerpt":{"rendered":"<p>P\u0159edstavujeme hosty:\u00a0 &nbsp; Markus Laitinen University of Helsinki Markus m\u00e1 v\u00edce ne\u017e 20 let zku\u0161enost\u00ed s mezin\u00e1rodn\u00edm vysoko\u0161kolsk\u00fdm vzd\u011bl\u00e1v\u00e1n\u00edm v r\u016fzn\u00fdch rol\u00edch na univerzit\u011b v Helsink\u00e1ch. V\u00edce ne\u017e dek\u00e1du byl institucion\u00e1ln\u00edm koordin\u00e1torem univerzity v Erasmus+ a v sou\u010dasn\u00e9 dob\u011b p\u016fsob\u00ed jako vedouc\u00ed odd\u011blen\u00ed mezin\u00e1rodn\u00edch z\u00e1le\u017eitost\u00ed univerzity. S EAIE spolupracuje ji\u017e od roku 1994, v roce [&hellip;]<\/p>\n","protected":false},"author":1,"featured_media":0,"parent":0,"menu_order":0,"comment_status":"closed","ping_status":"closed","template":"","meta":{"_et_pb_use_builder":"on","_et_pb_old_content":"","_et_gb_content_width":"","inline_featured_image":false,"_exactmetrics_skip_tracking":false,"_exactmetrics_sitenote_active":false,"_exactmetrics_sitenote_note":"","_exactmetrics_sitenote_category":0,"footnotes":"","_links_to":"","_links_to_target":""},"class_list":["post-4081","page","type-page","status-publish","hentry"],"translation":{"provider":"WPGlobus","version":"3.0.2","language":"en","enabled_languages":["cs","en"],"languages":{"cs":{"title":true,"content":true,"excerpt":false},"en":{"title":false,"content":false,"excerpt":false}}},"yoast_head":"<!-- This site is optimized with the Yoast SEO plugin v27.5 - https:\/\/yoast.com\/product\/yoast-seo-wordpress\/ -->\n<title>Program2 - CZEDUCON.cz<\/title>\n<meta name=\"robots\" content=\"index, follow, max-snippet:-1, max-image-preview:large, max-video-preview:-1\" \/>\n<link rel=\"canonical\" href=\"https:\/\/2019.czeducon.cz\/program2\/\" \/>\n<meta property=\"og:locale\" content=\"en_US\" \/>\n<meta property=\"og:type\" content=\"article\" \/>\n<meta property=\"og:title\" content=\"Program2 - CZEDUCON.cz\" \/>\n<meta property=\"og:url\" content=\"https:\/\/2019.czeducon.cz\/program2\/\" \/>\n<meta property=\"og:site_name\" content=\"CZEDUCON.cz\" \/>\n<meta property=\"article:publisher\" content=\"https:\/\/www.facebook.com\/dumzahranicnispoluprace\/\" \/>\n<meta property=\"article:modified_time\" content=\"2018-10-10T14:33:13+00:00\" \/>\n<meta property=\"og:image\" content=\"http:\/\/2019.czeducon.cz\/wp-content\/uploads\/2018\/10\/czeduconlide.png\" \/>\n<meta name=\"twitter:card\" content=\"summary_large_image\" \/>\n<meta name=\"twitter:site\" content=\"@dzs_cz\" \/>\n<meta name=\"twitter:label1\" content=\"Est. reading time\" \/>\n\t<meta name=\"twitter:data1\" content=\"7 minutes\" \/>\n<script type=\"application\/ld+json\" class=\"yoast-schema-graph\">{\"@context\":\"https:\\\/\\\/schema.org\",\"@graph\":[{\"@type\":\"WebPage\",\"@id\":\"https:\\\/\\\/2019.czeducon.cz\\\/program2\\\/\",\"url\":\"https:\\\/\\\/2019.czeducon.cz\\\/program2\\\/\",\"name\":\"Program2 - CZEDUCON.cz\",\"isPartOf\":{\"@id\":\"https:\\\/\\\/2019.czeducon.cz\\\/#website\"},\"primaryImageOfPage\":{\"@id\":\"https:\\\/\\\/2019.czeducon.cz\\\/program2\\\/#primaryimage\"},\"image\":{\"@id\":\"https:\\\/\\\/2019.czeducon.cz\\\/program2\\\/#primaryimage\"},\"thumbnailUrl\":\"http:\\\/\\\/2019.czeducon.cz\\\/wp-content\\\/uploads\\\/2018\\\/10\\\/czeduconlide.png\",\"datePublished\":\"2018-07-18T08:44:03+00:00\",\"dateModified\":\"2018-10-10T14:33:13+00:00\",\"breadcrumb\":{\"@id\":\"https:\\\/\\\/2019.czeducon.cz\\\/program2\\\/#breadcrumb\"},\"inLanguage\":\"en-US\",\"potentialAction\":[{\"@type\":\"ReadAction\",\"target\":[\"https:\\\/\\\/2019.czeducon.cz\\\/program2\\\/\"]}]},{\"@type\":\"ImageObject\",\"inLanguage\":\"en-US\",\"@id\":\"https:\\\/\\\/2019.czeducon.cz\\\/program2\\\/#primaryimage\",\"url\":\"http:\\\/\\\/2019.czeducon.cz\\\/wp-content\\\/uploads\\\/2018\\\/10\\\/czeduconlide.png\",\"contentUrl\":\"http:\\\/\\\/2019.czeducon.cz\\\/wp-content\\\/uploads\\\/2018\\\/10\\\/czeduconlide.png\"},{\"@type\":\"BreadcrumbList\",\"@id\":\"https:\\\/\\\/2019.czeducon.cz\\\/program2\\\/#breadcrumb\",\"itemListElement\":[{\"@type\":\"ListItem\",\"position\":1,\"name\":\"Dom\u016f\",\"item\":\"https:\\\/\\\/2019.czeducon.cz\\\/\"},{\"@type\":\"ListItem\",\"position\":2,\"name\":\"Program2\"}]},{\"@type\":\"WebSite\",\"@id\":\"https:\\\/\\\/2019.czeducon.cz\\\/#website\",\"url\":\"https:\\\/\\\/2019.czeducon.cz\\\/\",\"name\":\"CZEDUCON.cz - F\u00f3rum mezin\u00e1rodn\u00edho vysoko\u0161kolsk\u00e9ho vzd\u011bl\u00e1v\u00e1n\u00ed\",\"description\":\"F\u00f3rum mezin\u00e1rodn\u00edho vysoko\u0161kolsk\u00e9ho vzd\u011bl\u00e1v\u00e1n\u00ed\",\"publisher\":{\"@id\":\"https:\\\/\\\/2019.czeducon.cz\\\/#organization\"},\"potentialAction\":[{\"@type\":\"SearchAction\",\"target\":{\"@type\":\"EntryPoint\",\"urlTemplate\":\"https:\\\/\\\/2019.czeducon.cz\\\/?s={search_term_string}\"},\"query-input\":{\"@type\":\"PropertyValueSpecification\",\"valueRequired\":true,\"valueName\":\"search_term_string\"}}],\"inLanguage\":\"en-US\"},{\"@type\":\"Organization\",\"@id\":\"https:\\\/\\\/2019.czeducon.cz\\\/#organization\",\"name\":\"D\u016fm zahrani\u010dn\u00ed spolupr\u00e1ce\",\"url\":\"https:\\\/\\\/2019.czeducon.cz\\\/\",\"logo\":{\"@type\":\"ImageObject\",\"inLanguage\":\"en-US\",\"@id\":\"https:\\\/\\\/2019.czeducon.cz\\\/#\\\/schema\\\/logo\\\/image\\\/\",\"url\":\"https:\\\/\\\/2019.czeducon.cz\\\/wp-content\\\/uploads\\\/2019\\\/06\\\/DZS_logo_zakladni_RGB.png\",\"contentUrl\":\"https:\\\/\\\/2019.czeducon.cz\\\/wp-content\\\/uploads\\\/2019\\\/06\\\/DZS_logo_zakladni_RGB.png\",\"width\":772,\"height\":275,\"caption\":\"D\u016fm zahrani\u010dn\u00ed spolupr\u00e1ce\"},\"image\":{\"@id\":\"https:\\\/\\\/2019.czeducon.cz\\\/#\\\/schema\\\/logo\\\/image\\\/\"},\"sameAs\":[\"https:\\\/\\\/www.facebook.com\\\/dumzahranicnispoluprace\\\/\",\"https:\\\/\\\/x.com\\\/dzs_cz\",\"https:\\\/\\\/www.instagram.com\\\/dzs_cz\\\/\",\"https:\\\/\\\/www.linkedin.com\\\/company\\\/dzs_cz\\\/\",\"https:\\\/\\\/www.youtube.com\\\/channel\\\/UCG0LN9Gh9Hjc2803QuuPoOw\"]}]}<\/script>\n<!-- \/ Yoast SEO plugin. -->","yoast_head_json":{"title":"Program2 - CZEDUCON.cz","robots":{"index":"index","follow":"follow","max-snippet":"max-snippet:-1","max-image-preview":"max-image-preview:large","max-video-preview":"max-video-preview:-1"},"canonical":"https:\/\/2019.czeducon.cz\/program2\/","og_locale":"en_US","og_type":"article","og_title":"Program2 - CZEDUCON.cz","og_url":"https:\/\/2019.czeducon.cz\/program2\/","og_site_name":"CZEDUCON.cz","article_publisher":"https:\/\/www.facebook.com\/dumzahranicnispoluprace\/","article_modified_time":"2018-10-10T14:33:13+00:00","og_image":[{"url":"http:\/\/2019.czeducon.cz\/wp-content\/uploads\/2018\/10\/czeduconlide.png","type":"","width":"","height":""}],"twitter_card":"summary_large_image","twitter_site":"@dzs_cz","twitter_misc":{"Est. reading time":"7 minutes"},"schema":{"@context":"https:\/\/schema.org","@graph":[{"@type":"WebPage","@id":"https:\/\/2019.czeducon.cz\/program2\/","url":"https:\/\/2019.czeducon.cz\/program2\/","name":"Program2 - CZEDUCON.cz","isPartOf":{"@id":"https:\/\/2019.czeducon.cz\/#website"},"primaryImageOfPage":{"@id":"https:\/\/2019.czeducon.cz\/program2\/#primaryimage"},"image":{"@id":"https:\/\/2019.czeducon.cz\/program2\/#primaryimage"},"thumbnailUrl":"http:\/\/2019.czeducon.cz\/wp-content\/uploads\/2018\/10\/czeduconlide.png","datePublished":"2018-07-18T08:44:03+00:00","dateModified":"2018-10-10T14:33:13+00:00","breadcrumb":{"@id":"https:\/\/2019.czeducon.cz\/program2\/#breadcrumb"},"inLanguage":"en-US","potentialAction":[{"@type":"ReadAction","target":["https:\/\/2019.czeducon.cz\/program2\/"]}]},{"@type":"ImageObject","inLanguage":"en-US","@id":"https:\/\/2019.czeducon.cz\/program2\/#primaryimage","url":"http:\/\/2019.czeducon.cz\/wp-content\/uploads\/2018\/10\/czeduconlide.png","contentUrl":"http:\/\/2019.czeducon.cz\/wp-content\/uploads\/2018\/10\/czeduconlide.png"},{"@type":"BreadcrumbList","@id":"https:\/\/2019.czeducon.cz\/program2\/#breadcrumb","itemListElement":[{"@type":"ListItem","position":1,"name":"Dom\u016f","item":"https:\/\/2019.czeducon.cz\/"},{"@type":"ListItem","position":2,"name":"Program2"}]},{"@type":"WebSite","@id":"https:\/\/2019.czeducon.cz\/#website","url":"https:\/\/2019.czeducon.cz\/","name":"CZEDUCON.cz - F\u00f3rum mezin\u00e1rodn\u00edho vysoko\u0161kolsk\u00e9ho vzd\u011bl\u00e1v\u00e1n\u00ed","description":"F\u00f3rum mezin\u00e1rodn\u00edho vysoko\u0161kolsk\u00e9ho vzd\u011bl\u00e1v\u00e1n\u00ed","publisher":{"@id":"https:\/\/2019.czeducon.cz\/#organization"},"potentialAction":[{"@type":"SearchAction","target":{"@type":"EntryPoint","urlTemplate":"https:\/\/2019.czeducon.cz\/?s={search_term_string}"},"query-input":{"@type":"PropertyValueSpecification","valueRequired":true,"valueName":"search_term_string"}}],"inLanguage":"en-US"},{"@type":"Organization","@id":"https:\/\/2019.czeducon.cz\/#organization","name":"D\u016fm zahrani\u010dn\u00ed spolupr\u00e1ce","url":"https:\/\/2019.czeducon.cz\/","logo":{"@type":"ImageObject","inLanguage":"en-US","@id":"https:\/\/2019.czeducon.cz\/#\/schema\/logo\/image\/","url":"https:\/\/2019.czeducon.cz\/wp-content\/uploads\/2019\/06\/DZS_logo_zakladni_RGB.png","contentUrl":"https:\/\/2019.czeducon.cz\/wp-content\/uploads\/2019\/06\/DZS_logo_zakladni_RGB.png","width":772,"height":275,"caption":"D\u016fm zahrani\u010dn\u00ed spolupr\u00e1ce"},"image":{"@id":"https:\/\/2019.czeducon.cz\/#\/schema\/logo\/image\/"},"sameAs":["https:\/\/www.facebook.com\/dumzahranicnispoluprace\/","https:\/\/x.com\/dzs_cz","https:\/\/www.instagram.com\/dzs_cz\/","https:\/\/www.linkedin.com\/company\/dzs_cz\/","https:\/\/www.youtube.com\/channel\/UCG0LN9Gh9Hjc2803QuuPoOw"]}]}},"_links":{"self":[{"href":"https:\/\/2019.czeducon.cz\/en\/wp-json\/wp\/v2\/pages\/4081","targetHints":{"allow":["GET"]}}],"collection":[{"href":"https:\/\/2019.czeducon.cz\/en\/wp-json\/wp\/v2\/pages"}],"about":[{"href":"https:\/\/2019.czeducon.cz\/en\/wp-json\/wp\/v2\/types\/page"}],"author":[{"embeddable":true,"href":"https:\/\/2019.czeducon.cz\/en\/wp-json\/wp\/v2\/users\/1"}],"replies":[{"embeddable":true,"href":"https:\/\/2019.czeducon.cz\/en\/wp-json\/wp\/v2\/comments?post=4081"}],"version-history":[{"count":16,"href":"https:\/\/2019.czeducon.cz\/en\/wp-json\/wp\/v2\/pages\/4081\/revisions"}],"predecessor-version":[{"id":4301,"href":"https:\/\/2019.czeducon.cz\/en\/wp-json\/wp\/v2\/pages\/4081\/revisions\/4301"}],"wp:attachment":[{"href":"https:\/\/2019.czeducon.cz\/en\/wp-json\/wp\/v2\/media?parent=4081"}],"curies":[{"name":"wp","href":"https:\/\/api.w.org\/{rel}","templated":true}]}}